{"id":2069,"date":"2026-08-31T15:27:46","date_gmt":"2026-08-31T15:27:46","guid":{"rendered":"https:\/\/mariapaulafotografie.com\/?page_id=2069"},"modified":"2026-08-31T17:33:20","modified_gmt":"2026-08-31T17:33:20","slug":"ueber-mich-entwurf","status":"publish","type":"page","link":"https:\/\/mariapaulafotografie.com\/en\/ueber-mich-entwurf\/","title":{"rendered":"\u00dcBER MICH"},"content":{"rendered":"<style>.kb-row-layout-id2069_a4014f-15 > .kt-row-column-wrap{align-content:start;}:where(.kb-row-layout-id2069_a4014f-15 > .kt-row-column-wrap) > .wp-block-kadence-column{justify-content:start;}.kb-row-layout-id2069_a4014f-15 > .kt-row-column-wrap{column-gap:var(--global-kb-gap-md, 2rem);row-gap:var(--global-kb-gap-md, 2rem);padding-top:var(--global-kb-spacing-sm, 1.5rem);padding-bottom:var(--global-kb-spacing-sm, 1.5rem);grid-template-columns:minmax(0, 1fr);}.kb-row-layout-id2069_a4014f-15 > .kt-row-layout-overlay{opacity:0.30;}@media all and (max-width: 1024px){.kb-row-layout-id2069_a4014f-15 > .kt-row-column-wrap{grid-template-columns:minmax(0, 1fr);}}@media all and (max-width: 767px){.kb-row-layout-id2069_a4014f-15 > .kt-row-column-wrap{grid-template-columns:minmax(0, 1fr);}}<\/style><div class=\"kb-row-layout-wrap kb-row-layout-id2069_a4014f-15 alignnone wp-block-kadence-rowlayout\"><div class=\"kt-row-column-wrap kt-has-1-columns kt-row-layout-equal kt-tab-layout-inherit kt-mobile-layout-row kt-row-valign-top\">\n<style>.kadence-column2069_ccc6fb-12 > .kt-inside-inner-col,.kadence-column2069_ccc6fb-12 > .kt-inside-inner-col:before{border-top-left-radius:0px;border-top-right-radius:0px;border-bottom-right-radius:0px;border-bottom-left-radius:0px;}.kadence-column2069_ccc6fb-12 > .kt-inside-inner-col{column-gap:var(--global-kb-gap-sm, 1rem);}.kadence-column2069_ccc6fb-12 > .kt-inside-inner-col{flex-direction:column;}.kadence-column2069_ccc6fb-12 > .kt-inside-inner-col > .aligncenter{width:100%;}.kadence-column2069_ccc6fb-12 > .kt-inside-inner-col:before{opacity:0.3;}.kadence-column2069_ccc6fb-12{position:relative;}.kadence-column2069_ccc6fb-12, .kt-inside-inner-col > .kadence-column2069_ccc6fb-12:not(.specificity){margin-top:-150px;}@media all and (max-width: 1024px){.kadence-column2069_ccc6fb-12 > .kt-inside-inner-col{flex-direction:column;justify-content:center;}}@media all and (max-width: 767px){.kadence-column2069_ccc6fb-12 > .kt-inside-inner-col{flex-direction:column;justify-content:center;}}<\/style>\n<div class=\"wp-block-kadence-column kadence-column2069_ccc6fb-12\"><div class=\"kt-inside-inner-col\">\n<style>\n\n\/* =========================================================\n   MARIA PAULA \u2013 ABOUT PAGE\n   CLEAN COMPLETE VERSION\n   ========================================================= *\/\n\n.mp-about,\n.mp-about * {\n  box-sizing: border-box;\n}\n\n.mp-about {\n  width: 100%;\n  font-family: \"Montserrat\", Arial, sans-serif;\n  color: #032941;\n}\n\n.mp-about-inner {\n  max-width: 1320px;\n  margin: 0 auto;\n  padding-left: 32px;\n  padding-right: 32px;\n}\n\n\n\/* =========================================================\n   TYPOGRAFIE\n   ========================================================= *\/\n\n.mp-about h1,\n.mp-about h2,\n.mp-about h3,\n.mp-about p {\n  padding: 0;\n}\n\n.mp-about h1 {\n  margin: 0 0 14px;\n  font-family: \"Cormorant Garamond\", Georgia, serif;\n  font-size: 54px;\n  line-height: 1.05;\n  font-weight: 700;\n  color: #032941;\n}\n\n.mp-about h2 {\n  margin: 0 0 20px;\n  font-family: \"Cormorant Garamond\", Georgia, serif;\n  font-size: 38px;\n  line-height: 1.18;\n  font-weight: 700;\n  color: #6E2C3C;\n}\n\n.mp-about p {\n  margin: 0 0 18px;\n  font-family: \"Montserrat\", Arial, sans-serif;\n  font-size: 18px;\n  line-height: 1.6;\n  font-weight: 300;\n  color: #032941;\n}\n\n.mp-about-kicker {\n  margin: 0 0 14px;\n  font-family: \"Montserrat\", Arial, sans-serif;\n  font-size: 13px;\n  line-height: 1.2;\n  font-weight: 500;\n  letter-spacing: .12em;\n  text-transform: uppercase;\n  color: #6E2C3C;\n}\n\n\n\/* =========================================================\n   HERO\n   ========================================================= *\/\n\n.mp-about-hero {\n  padding: 18px 0 66px;\n}\n\n.mp-about-hero-grid {\n  display: grid;\n  grid-template-columns: .95fr 1.05fr;\n  min-height: 650px;\n  background: #F6EFEF;\n  overflow: hidden;\n}\n\n.mp-about-hero-image {\n  min-height: 650px;\n  background-image: url('https:\/\/mariapaulafotografie.com\/wp-content\/uploads\/2025\/11\/Portrait-Maria-7958_2.jpg');\n  background-size: cover;\n  background-position: center center;\n  background-repeat: no-repeat;\n}\n\n.mp-about-hero-text {\n  padding: 58px;\n  display: flex;\n  flex-direction: column;\n  justify-content: center;\n}\n\n.mp-about-subtitle {\n  margin: 0 0 28px !important;\n  font-family: \"Cormorant Garamond\", Georgia, serif !important;\n  font-size: 27px !important;\n  line-height: 1.2 !important;\n  font-weight: 700 !important;\n  color: #6E2C3C !important;\n}\n\n.mp-about-lead {\n  font-size: 20px !important;\n  line-height: 1.65 !important;\n}\n\n\n\/* =========================================================\n   PORTRAIT-HALTUNG\n   ========================================================= *\/\n\n.mp-about-philosophy {\n  padding: 8px 0 68px;\n}\n\n.mp-about-philosophy-inner {\n  max-width: 820px;\n  margin: 0 auto;\n  text-align: center;\n}\n\n.mp-about-philosophy h2 {\n  font-size: 42px;\n  margin-bottom: 18px;\n}\n\n.mp-about-philosophy p {\n  margin-bottom: 14px;\n}\n\n.mp-about-highlight {\n  max-width: 720px;\n  margin: 26px auto 0 !important;\n  font-family: \"Cormorant Garamond\", Georgia, serif !important;\n  font-size: 29px !important;\n  line-height: 1.32 !important;\n  font-weight: 700 !important;\n  color: #032941 !important;\n}\n\n\n\/* =========================================================\n   LANDSCHAFT\n   ========================================================= *\/\n\n.mp-about-landscape {\n  padding: 0 0 62px;\n}\n\n.mp-about-landscape-grid {\n  display: grid;\n  grid-template-columns: 1fr 1fr;\n  min-height: 590px;\n  background: #FBF8F6;\n  overflow: hidden;\n}\n\n.mp-about-landscape-text {\n  padding: 52px 50px;\n  display: flex;\n  flex-direction: column;\n  justify-content: center;\n}\n\n.mp-about-landscape-image {\n  min-height: 590px;\n  background-image: url('https:\/\/mariapaulafotografie.com\/wp-content\/uploads\/2025\/11\/2025_Kalender-8-scaled-e1763717156998.jpg');\n  background-size: cover;\n  background-position: center center;\n  background-repeat: no-repeat;\n}\n\n.mp-about-emphasis {\n  margin: 10px 0 22px !important;\n  font-family: \"Cormorant Garamond\", Georgia, serif !important;\n  font-size: 27px !important;\n  line-height: 1.3 !important;\n  font-weight: 700 !important;\n  color: #6E2C3C !important;\n}\n\n\n\/* =========================================================\n   ARCHITEKTUR \u2013 SCHMAL\n   ========================================================= *\/\n\n.mp-about-architecture-slim {\n  padding: 0 0 62px;\n}\n\n.mp-about-architecture-slim-grid {\n  display: grid;\n  grid-template-columns: .82fr 1.18fr;\n  min-height: 360px;\n  background: #FBF8F6;\n  overflow: hidden;\n}\n\n.mp-about-architecture-slim-image {\n  min-height: 360px;\n  background-image: url('https:\/\/mariapaulafotografie.com\/wp-content\/uploads\/2025\/11\/Barbican-1.jpg');\n  background-size: cover;\n  background-position: center center;\n  background-repeat: no-repeat;\n}\n\n.mp-about-architecture-slim-text {\n  padding: 42px 48px;\n  display: flex;\n  flex-direction: column;\n  justify-content: center;\n}\n\n.mp-about-architecture-slim-text h2 {\n  margin: 0 0 14px;\n  font-size: 34px;\n}\n\n.mp-about-architecture-slim-text p {\n  margin: 0 0 18px;\n}\n\n.mp-about-architecture-slim-link {\n  display: inline-block;\n  align-self: flex-start;\n  padding-bottom: 4px;\n  border-bottom: 1px solid #6E2C3C;\n  font-family: \"Montserrat\", Arial, sans-serif;\n  font-size: 15px;\n  line-height: 1.3;\n  font-weight: 500;\n  letter-spacing: .03em;\n  color: #6E2C3C !important;\n  text-decoration: none !important;\n}\n\n.mp-about-architecture-slim-link:hover,\n.mp-about-architecture-slim-link:focus {\n  color: #032941 !important;\n  border-color: #032941;\n}\n\n\n\/* =========================================================\n   EQUINE\n   ========================================================= *\/\n\n.mp-about-animals {\n  padding: 0 0 52px;\n}\n\n.mp-about-animals-grid {\n  display: grid;\n  grid-template-columns: 1fr 1fr;\n  min-height: 620px;\n  background: #FBF8F6;\n  overflow: hidden;\n}\n\n.mp-about-animals-text {\n  padding: 54px 50px;\n  display: flex;\n  flex-direction: column;\n  justify-content: center;\n}\n\n.mp-about-animals-image {\n  min-height: 620px;\n  background-image: url('https:\/\/mariapaulafotografie.com\/wp-content\/uploads\/2025\/11\/2025_Louisa-7224.jpg');\n  background-size: cover;\n  background-position: center center;\n  background-repeat: no-repeat;\n}\n\n.mp-about-words {\n  margin: 6px 0 22px;\n  font-family: \"Cormorant Garamond\", Georgia, serif;\n  font-size: 24px;\n  line-height: 1.32;\n  font-weight: 700;\n  color: #6E2C3C;\n}\n\n\n\/* =========================================================\n   STATEMENT\n   ========================================================= *\/\n\n.mp-about-statement {\n  padding: 38px 0 76px;\n}\n\n.mp-about-statement-inner {\n  max-width: 980px;\n  margin: 0 auto;\n  text-align: center;\n}\n\n.mp-about-statement p {\n  margin: 0;\n  font-family: \"Cormorant Garamond\", Georgia, serif;\n  font-size: 46px;\n  line-height: 1.22;\n  font-weight: 700;\n  color: #032941;\n}\n\n\n\/* =========================================================\n   MEIN WEG\n   ========================================================= *\/\n\n.mp-about-path {\n  padding: 0 0 88px;\n}\n\n.mp-about-path-inner {\n  max-width: 760px;\n  margin: 0 auto;\n  text-align: center;\n}\n\n.mp-about-path-inner .mp-about-kicker {\n  margin-bottom: 12px;\n}\n\n.mp-about-path-inner h2 {\n  margin: 0 0 20px;\n  font-size: 38px;\n}\n\n.mp-about-path-inner p {\n  margin: 0 auto;\n  max-width: 720px;\n  line-height: 1.65;\n}\n\n\n\/* =========================================================\n   FINAL CTA\n   ========================================================= *\/\n\n.mp-about-final {\n  padding: 72px 0 120px;\n  background: #F7F9FA;\n}\n\n.mp-about-final-grid {\n  display: grid;\n  grid-template-columns: 1fr 1fr;\n  min-height: 600px;\n  background: #F6EFEF;\n  overflow: hidden;\n}\n\n.mp-about-final-image {\n  min-height: 600px;\n  background-image: url('https:\/\/mariapaulafotografie.com\/wp-content\/uploads\/2026\/08\/2.-tag-Maria-1.jpg');\n  background-size: cover;\n  background-position: center 85%;\n  background-repeat: no-repeat;\n}\n\n.mp-about-final-content {\n  padding: 54px 50px;\n  display: flex;\n  flex-direction: column;\n  justify-content: center;\n}\n\n.mp-about-final-kicker {\n  margin: 0 0 14px;\n  font-family: \"Montserrat\", Arial, sans-serif;\n  font-size: 13px;\n  line-height: 1.2;\n  font-weight: 500;\n  letter-spacing: .12em;\n  text-transform: uppercase;\n  color: #6E2C3C;\n}\n\n.mp-about-final-content h2 {\n  margin: 0 0 22px;\n  font-size: 40px;\n}\n\n.mp-about-final-content p {\n  margin: 0 0 16px;\n}\n\n.mp-about-final-emphasis {\n  margin: 10px 0 20px !important;\n  font-family: \"Cormorant Garamond\", Georgia, serif !important;\n  font-size: 25px !important;\n  line-height: 1.3 !important;\n  font-weight: 700 !important;\n  color: #032941 !important;\n}\n\n.mp-about-final-buttons {\n  margin-top: 14px;\n  display: flex;\n  gap: 14px;\n  flex-wrap: wrap;\n}\n\n.mp-about-final-button {\n  display: inline-block;\n  padding: 13px 26px;\n  border-radius: 10px;\n  background: #032941;\n  font-family: \"Montserrat\", Arial, sans-serif;\n  font-size: 14px;\n  line-height: 1.2;\n  font-weight: 500;\n  letter-spacing: .06em;\n  text-transform: uppercase;\n  color: #ffffff !important;\n  text-decoration: none !important;\n}\n\n.mp-about-final-button:hover,\n.mp-about-final-button:focus {\n  background: #6E2C3C;\n  color: #ffffff !important;\n}\n\n.mp-about-final-button.secondary {\n  background: transparent;\n  border: 1px solid #032941;\n  color: #032941 !important;\n}\n\n.mp-about-final-button.secondary:hover,\n.mp-about-final-button.secondary:focus {\n  background: #6E2C3C;\n  border-color: #6E2C3C;\n  color: #ffffff !important;\n}\n\n\n\/* =========================================================\n   TABLET\n   ========================================================= *\/\n\n@media (max-width: 900px) {\n\n  .mp-about-hero-grid,\n  .mp-about-landscape-grid,\n  .mp-about-architecture-slim-grid,\n  .mp-about-animals-grid,\n  .mp-about-final-grid {\n    grid-template-columns: 1fr;\n  }\n\n  .mp-about-hero-image,\n  .mp-about-landscape-image,\n  .mp-about-architecture-slim-image,\n  .mp-about-animals-image,\n  .mp-about-final-image {\n    min-height: 520px;\n  }\n\n}\n\n\n\/* =========================================================\n   MOBILE\n   ========================================================= *\/\n\n@media (max-width: 600px) {\n\n  .mp-about-inner {\n    padding-left: 18px;\n    padding-right: 18px;\n  }\n\n  .mp-about-hero {\n    padding: 10px 0 50px;\n  }\n\n  .mp-about-hero-image,\n  .mp-about-landscape-image,\n  .mp-about-architecture-slim-image,\n  .mp-about-animals-image,\n  .mp-about-final-image {\n    min-height: 400px;\n  }\n\n  .mp-about-hero-text,\n  .mp-about-landscape-text,\n  .mp-about-architecture-slim-text,\n  .mp-about-animals-text,\n  .mp-about-final-content {\n    padding: 34px 24px 38px;\n  }\n\n  .mp-about h1 {\n    font-size: 42px;\n  }\n\n  .mp-about h2,\n  .mp-about-final-content h2 {\n    font-size: 32px;\n  }\n\n  .mp-about-philosophy {\n    padding-bottom: 54px;\n  }\n\n  .mp-about-philosophy-inner,\n  .mp-about-statement-inner,\n  .mp-about-path-inner {\n    text-align: left;\n  }\n\n  .mp-about-architecture-slim {\n    padding-bottom: 56px;\n  }\n\n  .mp-about-architecture-slim-image {\n    min-height: 320px;\n  }\n\n  .mp-about-architecture-slim-text h2 {\n    font-size: 30px;\n  }\n\n  .mp-about-statement {\n    padding: 22px 0 60px;\n  }\n\n  .mp-about-statement p {\n    font-size: 35px;\n  }\n\n  .mp-about-path {\n    padding-bottom: 64px;\n  }\n\n  .mp-about-path-inner h2 {\n    font-size: 32px;\n  }\n\n  .mp-about-final {\n    padding: 54px 0 82px;\n  }\n\n}\n\n<\/style>\n\n\n<div class=\"mp-about\">\n\n\n<!-- HERO -->\n\n<section class=\"mp-about-hero\">\n  <div class=\"mp-about-inner\">\n    <div class=\"mp-about-hero-grid\">\n\n      <div class=\"mp-about-hero-image\"><\/div>\n\n      <div class=\"mp-about-hero-text\">\n\n        <div class=\"mp-about-kicker\">\n          \u00dcber mich\n        <\/div>\n\n        <h1>Maria Paula<\/h1>\n\n        <p class=\"mp-about-subtitle\">\n          Contemporary Portrait Photographer\n        <\/p>\n\n        <p class=\"mp-about-lead\">\n          Hallo, ich bin Maria Tepe. Ich lebe und arbeite in Lohne\n          im Norden Deutschlands \u2013 und ich mag Menschen, Geschichten\n          und diese leisen Momente, in denen etwas Echtes sichtbar wird.\n        <\/p>\n\n        <p>\n          Ich fotografiere Menschen f\u00fcr sich selbst, f\u00fcr ihr Unternehmen\n          oder ihre pers\u00f6nliche Marke. Und manchmal fotografiere ich sie\n          dort, wo sie besonders sie selbst sind.\n        <\/p>\n\n      <\/div>\n\n    <\/div>\n  <\/div>\n<\/section>\n\n\n<!-- PORTRAITS -->\n\n<section class=\"mp-about-philosophy\">\n  <div class=\"mp-about-inner\">\n    <div class=\"mp-about-philosophy-inner\">\n\n      <div class=\"mp-about-kicker\">\n        Portraits\n      <\/div>\n\n      <h2>\n        Mich interessiert der Mensch davor.\n      <\/h2>\n\n      <p>\n        Mich interessiert nicht das perfekte L\u00e4cheln auf Kommando.\n        Mich interessieren deine Art, dein Ausdruck und die kleinen\n        Eigenheiten, die dich unverwechselbar machen.\n      <\/p>\n\n      <p>\n        Deshalb darf es bei mir ruhig zugehen. Ohne Druck und ohne\n        gro\u00dfes Posing. Mit Zeit, Aufmerksamkeit und durchaus auch mit Lachen.\n      <\/p>\n\n      <p class=\"mp-about-highlight\">\n        Am sch\u00f6nsten ist der Moment, in dem die Kamera fast vergessen ist.\n      <\/p>\n\n    <\/div>\n  <\/div>\n<\/section>\n\n\n<!-- LANDSCHAFT -->\n\n<section class=\"mp-about-landscape\">\n  <div class=\"mp-about-inner\">\n    <div class=\"mp-about-landscape-grid\">\n\n      <div class=\"mp-about-landscape-text\">\n\n        <div class=\"mp-about-kicker\">\n          Wie ich sehe\n        <\/div>\n\n        <h2>\n          Ruhe. Klarheit. Licht.\n        <\/h2>\n\n        <p>\n          Meine erste gro\u00dfe fotografische Liebe galt Landschaften.\n          Ich kann stundenlang mit der Kamera unterwegs sein,\n          nach Licht suchen, auf den richtigen Moment warten\n          und dabei vollkommen die Zeit vergessen.\n        <\/p>\n\n        <p>\n          Aus der Landschaft entwickelte sich mein Blick weiter \u2013\n          zur Architektur und schlie\u00dflich zur Portraitfotografie.\n          Eigentlich sehr unterschiedliche Welten.\n        <\/p>\n\n        <p class=\"mp-about-emphasis\">\n          Und trotzdem suche ich in allen dasselbe:\n          Ruhe, Klarheit, Licht und eine Atmosph\u00e4re,\n          die ein Bild tr\u00e4gt.\n        <\/p>\n\n        <p>\n          Fotografie ist f\u00fcr mich nichts Abgeschlossenes.\n          Sie ver\u00e4ndert sich \u2013 und ich mich mit ihr.\n        <\/p>\n\n      <\/div>\n\n      <div class=\"mp-about-landscape-image\"><\/div>\n\n    <\/div>\n  <\/div>\n<\/section>\n\n\n<!-- ARCHITEKTUR -->\n\n<section class=\"mp-about-architecture-slim\">\n  <div class=\"mp-about-inner\">\n    <div class=\"mp-about-architecture-slim-grid\">\n\n      <div class=\"mp-about-architecture-slim-image\"><\/div>\n\n      <div class=\"mp-about-architecture-slim-text\">\n\n        <div class=\"mp-about-kicker\">\n          Architekturfotografie\n        <\/div>\n\n        <h2>\n          R\u00e4ume. Linien. Licht.\n        <\/h2>\n\n        <p>\n          Architektur ist ein eigener Schwerpunkt meiner Arbeit.\n          Mich interessieren R\u00e4ume, Materialit\u00e4t, Perspektive\n          und die Atmosph\u00e4re eines Ortes.\n        <\/p>\n\n        <a\n          class=\"mp-about-architecture-slim-link\"\n          href=\"https:\/\/mariatepe.com\/\"\n          target=\"_blank\"\n          rel=\"noopener\">\n          Zu meiner Architekturfotografie \u2192\n        <\/a>\n\n      <\/div>\n\n    <\/div>\n  <\/div>\n<\/section>\n\n\n<!-- EQUINE -->\n\n<section class=\"mp-about-animals\">\n  <div class=\"mp-about-inner\">\n    <div class=\"mp-about-animals-grid\">\n\n      <div class=\"mp-about-animals-text\">\n\n        <div class=\"mp-about-kicker\">\n          Equine &amp; Animals\n        <\/div>\n\n        <h2>\n          Und dann sind da noch die Tiere.\n        <\/h2>\n\n        <p>\n          Ich war selbst aktive Reiterin, und diese Welt ist mir\n          bis heute sehr lieb.\n        <\/p>\n\n        <p>\n          Aber es sind l\u00e4ngst nicht nur Pferde. Mich fasziniert\n          die besondere Verbindung zwischen Menschen und ihren Tieren \u2013\n          ganz gleich, ob Pferd oder Hund.\n        <\/p>\n\n        <div class=\"mp-about-words\">\n          Vertrauen.<br>\n          N\u00e4he.<br>\n          Eine Bewegung.<br>\n          Ein Blick.\n        <\/div>\n\n        <p>\n          Mich interessiert weniger die gro\u00dfe Inszenierung als das,\n          was zwischen ihnen passiert.\n        <\/p>\n\n      <\/div>\n\n      <div class=\"mp-about-animals-image\"><\/div>\n\n    <\/div>\n  <\/div>\n<\/section>\n\n\n<!-- STATEMENT -->\n\n<section class=\"mp-about-statement\">\n  <div class=\"mp-about-inner\">\n    <div class=\"mp-about-statement-inner\">\n\n      <p>\n        Ein Mensch.<br>\n        Ein Moment.<br>\n        Gutes Licht.<br>\n        Und genug Zeit, ihn zu sehen.\n      <\/p>\n\n    <\/div>\n  <\/div>\n<\/section>\n\n\n<!-- MEIN WEG -->\n\n<section class=\"mp-about-path\">\n  <div class=\"mp-about-inner\">\n    <div class=\"mp-about-path-inner\">\n\n      <div class=\"mp-about-kicker\">\n        Mein Weg\n      <\/div>\n\n      <h2>\n        Hier bin ich heute.\n      <\/h2>\n\n      <p>\n        Zur Fotografie bin ich nicht ganz geradlinig gekommen.\n        Bevor die Kamera zum Mittelpunkt meiner Arbeit wurde,\n        habe ich in anderen beruflichen Welten gearbeitet,\n        geplant, organisiert und Menschen und Projekte begleitet.\n        Vielleicht kommt daher mein Blick f\u00fcr Zusammenh\u00e4nge \u2013\n        und meine Neugier auf das, was hinter der sichtbaren Oberfl\u00e4che liegt.\n      <\/p>\n\n    <\/div>\n  <\/div>\n<\/section>\n\n\n<!-- FINAL CTA -->\n\n<section class=\"mp-about-final\">\n  <div class=\"mp-about-inner\">\n    <div class=\"mp-about-final-grid\">\n\n      <div class=\"mp-about-final-image\"><\/div>\n\n      <div class=\"mp-about-final-content\">\n\n        <div class=\"mp-about-final-kicker\">\n          Ein St\u00fcck gemeinsam\n        <\/div>\n\n        <h2>\n          Wenn du magst, begleite ich dich ein St\u00fcck.\n        <\/h2>\n\n        <p>\n          Du musst nicht wissen, wie du vor der Kamera stehen sollst.\n          Und du musst auch kein \u201eFotomensch\u201c sein.\n          Ich begleite dich so, dass Bilder entstehen,\n          die professionell wirken \u2013 und sich trotzdem nach dir anf\u00fchlen.\n        <\/p>\n\n        <p>\n          Ob Portrait, Personal Branding oder gemeinsam mit einem Tier:\n          Wir entwickeln Bilder, die zeigen, wer du bist\n          und wie du wahrgenommen werden m\u00f6chtest.\n        <\/p>\n\n        <p class=\"mp-about-final-emphasis\">\n          Und vielleicht ein St\u00fcck dar\u00fcber hinaus.\n        <\/p>\n\n        <p>\n          In meinem Newsletter teile ich Gedanken und Geschichten\n          \u00fcber Fotografie, Business, Reisen und das,\n          was mich unterwegs besch\u00e4ftigt und inspiriert.\n        <\/p>\n\n        <div class=\"mp-about-final-buttons\">\n\n          <a class=\"mp-about-final-button\" href=\"\/en\/portfolio\/\">\n            Zu meinen Arbeiten\n          <\/a>\n\n          <a class=\"mp-about-final-button secondary\" href=\"\/en\/newsletter\/\">\n            Newsletter\n          <\/a>\n\n        <\/div>\n\n      <\/div>\n\n    <\/div>\n  <\/div>\n<\/section>\n\n\n<\/div>\n<\/div><\/div>\n\n<\/div><\/div>","protected":false},"excerpt":{"rendered":"<p>\u00dcber mich Maria Paula Contemporary Portrait Photographer Hallo, ich bin Maria Tepe. Ich lebe und arbeite in Lohne im Norden Deutschlands \u2013 und ich mag Menschen, Geschichten und diese leisen Momente, in denen etwas Echtes sichtbar wird. Ich fotografiere Menschen f\u00fcr sich selbst, f\u00fcr ihr Unternehmen oder ihre pers\u00f6nliche Marke. Und manchmal fotografiere ich sie&#8230;<\/p>","protected":false},"author":1,"featured_media":0,"parent":0,"menu_order":0,"comment_status":"closed","ping_status":"closed","template":"","meta":{"_kad_post_transparent":"","_kad_post_title":"","_kad_post_layout":"default","_kad_post_sidebar_id":"","_kad_post_content_style":"","_kad_post_vertical_padding":"","_kad_post_feature":"","_kad_post_feature_position":"","_kad_post_header":false,"_kad_post_footer":false,"_kad_post_classname":"","_vp_format_video_url":"","_vp_image_focal_point":[],"_vp_custom_popup_image":0,"_vp_format_audio_url":"","_vp_album_images":[],"_vp_custom_thumbnail":0,"_vp_custom_thumbnail_focal_point":[],"_vp_custom_thumbnail_cover":0,"_vp_hover_thumbnail":0,"_vp_hover_thumbnail_focal_point":[],"footnotes":""},"class_list":["post-2069","page","type-page","status-publish","hentry"],"_hostinger_reach_plugin_has_subscription_block":false,"_hostinger_reach_plugin_is_elementor":false,"_links":{"self":[{"href":"https:\/\/mariapaulafotografie.com\/en\/wp-json\/wp\/v2\/pages\/2069","targetHints":{"allow":["GET"]}}],"collection":[{"href":"https:\/\/mariapaulafotografie.com\/en\/wp-json\/wp\/v2\/pages"}],"about":[{"href":"https:\/\/mariapaulafotografie.com\/en\/wp-json\/wp\/v2\/types\/page"}],"author":[{"embeddable":true,"href":"https:\/\/mariapaulafotografie.com\/en\/wp-json\/wp\/v2\/users\/1"}],"replies":[{"embeddable":true,"href":"https:\/\/mariapaulafotografie.com\/en\/wp-json\/wp\/v2\/comments?post=2069"}],"version-history":[{"count":25,"href":"https:\/\/mariapaulafotografie.com\/en\/wp-json\/wp\/v2\/pages\/2069\/revisions"}],"predecessor-version":[{"id":2101,"href":"https:\/\/mariapaulafotografie.com\/en\/wp-json\/wp\/v2\/pages\/2069\/revisions\/2101"}],"wp:attachment":[{"href":"https:\/\/mariapaulafotografie.com\/en\/wp-json\/wp\/v2\/media?parent=2069"}],"curies":[{"name":"wp","href":"https:\/\/api.w.org\/{rel}","templated":true}]}}